{"id":386,"date":"2025-01-26T20:48:27","date_gmt":"2025-01-27T01:48:27","guid":{"rendered":"https:\/\/fedemaderas.org.co\/red-sostenible-amazonia\/?page_id=386"},"modified":"2025-01-26T21:40:27","modified_gmt":"2025-01-27T02:40:27","slug":"nuestro-equipo","status":"publish","type":"page","link":"https:\/\/fedemaderas.org.co\/red-sostenible-amazonia\/nuestro-equipo\/","title":{"rendered":"Nuestro Equipo"},"content":{"rendered":"\t\t<div data-elementor-type=\"wp-page\" data-elementor-id=\"386\" class=\"elementor elementor-386\">\n\t\t\t\t<div class=\"elementor-element elementor-element-3c20301 e-flex e-con-boxed e-con e-parent\" data-id=\"3c20301\" data-element_type=\"container\">\n\t\t\t\t\t<div class=\"e-con-inner\">\n\t\t\t\t<div class=\"elementor-element elementor-element-1ee4582 elementor-widget elementor-widget-heading\" data-id=\"1ee4582\" data-element_type=\"widget\" data-widget_type=\"heading.default\">\n\t\t\t\t<div class=\"elementor-widget-container\">\n\t\t\t\t\t<h2 class=\"elementor-heading-title elementor-size-default\">Nuestro Equipo<\/h2>\t\t\t\t<\/div>\n\t\t\t\t<\/div>\n\t\t\t\t\t<\/div>\n\t\t\t\t<\/div>\n\t\t<div class=\"elementor-element elementor-element-d718218 e-con-full e-flex e-con e-parent\" data-id=\"d718218\" data-element_type=\"container\">\n\t\t\t\t<div class=\"elementor-element elementor-element-1699d97 e-n-tabs-mobile elementor-widget elementor-widget-n-tabs\" data-id=\"1699d97\" data-element_type=\"widget\" data-widget_type=\"nested-tabs.default\">\n\t\t\t\t<div class=\"elementor-widget-container\">\n\t\t\t\t\t\t\t<div class=\"e-n-tabs\" data-widget-number=\"23698839\" aria-label=\"Tabs. Open items with Enter or Space, close with Escape and navigate using the Arrow keys.\">\n\t\t\t<div class=\"e-n-tabs-heading\" role=\"tablist\">\n\t\t\t\t\t<button id=\"e-n-tab-title-236988391\" class=\"e-n-tab-title\" aria-selected=\"true\" data-tab-index=\"1\" role=\"tab\" tabindex=\"0\" aria-controls=\"e-n-tab-content-236988391\" style=\"--n-tabs-title-order: 1;\">\n\t\t\t\t\t\t<span class=\"e-n-tab-title-text\">\n\t\t\t\tC\u00e9sar Augusto Polanco Tapia \u2013 Coordinador del proyecto \t\t\t<\/span>\n\t\t<\/button>\n\t\t\t\t<button id=\"e-n-tab-title-236988392\" class=\"e-n-tab-title\" aria-selected=\"false\" data-tab-index=\"2\" role=\"tab\" tabindex=\"-1\" aria-controls=\"e-n-tab-content-236988392\" style=\"--n-tabs-title-order: 2;\">\n\t\t\t\t\t\t<span class=\"e-n-tab-title-text\">\n\t\t\t\tEvelin Yajaira Serna Londo\u00f1o \u2013 Asistente Administrativa\t\t\t<\/span>\n\t\t<\/button>\n\t\t\t\t<button id=\"e-n-tab-title-236988393\" class=\"e-n-tab-title\" aria-selected=\"false\" data-tab-index=\"3\" role=\"tab\" tabindex=\"-1\" aria-controls=\"e-n-tab-content-236988393\" style=\"--n-tabs-title-order: 3;\">\n\t\t\t\t\t\t<span class=\"e-n-tab-title-text\">\n\t\t\t\tLina Silva \u2013 Asistente t\u00e9cnica\t\t\t<\/span>\n\t\t<\/button>\n\t\t\t\t<button id=\"e-n-tab-title-236988394\" class=\"e-n-tab-title\" aria-selected=\"false\" data-tab-index=\"4\" role=\"tab\" tabindex=\"-1\" aria-controls=\"e-n-tab-content-236988394\" style=\"--n-tabs-title-order: 4;\">\n\t\t\t\t\t\t<span class=\"e-n-tab-title-text\">\n\t\t\t\tPablo Mora \u2013 Consultor\t\t\t<\/span>\n\t\t<\/button>\n\t\t\t\t<button id=\"e-n-tab-title-236988395\" class=\"e-n-tab-title\" aria-selected=\"false\" data-tab-index=\"5\" role=\"tab\" tabindex=\"-1\" aria-controls=\"e-n-tab-content-236988395\" style=\"--n-tabs-title-order: 5;\">\n\t\t\t\t\t\t<span class=\"e-n-tab-title-text\">\n\t\t\t\tAdelbert Lazay \u2013 Consultor \t\t\t<\/span>\n\t\t<\/button>\n\t\t\t\t<button id=\"e-n-tab-title-236988396\" class=\"e-n-tab-title\" aria-selected=\"false\" data-tab-index=\"6\" role=\"tab\" tabindex=\"-1\" aria-controls=\"e-n-tab-content-236988396\" style=\"--n-tabs-title-order: 6;\">\n\t\t\t\t\t\t<span class=\"e-n-tab-title-text\">\n\t\t\t\tNatalia Arroyave \u2013 Miembro del CCCS\t\t\t<\/span>\n\t\t<\/button>\n\t\t\t\t<button id=\"e-n-tab-title-236988397\" class=\"e-n-tab-title\" aria-selected=\"false\" data-tab-index=\"7\" role=\"tab\" tabindex=\"-1\" aria-controls=\"e-n-tab-content-236988397\" style=\"--n-tabs-title-order: 7;\">\n\t\t\t\t\t\t<span class=\"e-n-tab-title-text\">\n\t\t\t\tJuan Lizcano \u2013 Miembro del CCCS\t\t\t<\/span>\n\t\t<\/button>\n\t\t\t\t<button id=\"e-n-tab-title-236988398\" class=\"e-n-tab-title\" aria-selected=\"false\" data-tab-index=\"8\" role=\"tab\" tabindex=\"-1\" aria-controls=\"e-n-tab-content-236988398\" style=\"--n-tabs-title-order: 8;\">\n\t\t\t\t\t\t<span class=\"e-n-tab-title-text\">\n\t\t\t\tLaura Galvis \u2013 Miembro del CCCS\t\t\t<\/span>\n\t\t<\/button>\n\t\t\t\t\t<\/div>\n\t\t\t<div class=\"e-n-tabs-content\">\n\t\t\t\t<div id=\"e-n-tab-content-236988391\" role=\"tabpanel\" aria-labelledby=\"e-n-tab-title-236988391\" data-tab-index=\"1\" style=\"--n-tabs-title-order: 1;\" class=\"e-active elementor-element elementor-element-44da1d0 e-con-full e-flex e-con e-child\" data-id=\"44da1d0\" data-element_type=\"container\">\n\t\t<div class=\"elementor-element elementor-element-8e1dcc4 e-con-full e-flex e-con e-child\" data-id=\"8e1dcc4\" data-element_type=\"container\">\n\t\t\t\t<div class=\"elementor-element elementor-element-9018abf elementor-widget elementor-widget-image\" data-id=\"9018abf\" data-element_type=\"widget\" data-widget_type=\"image.default\">\n\t\t\t\t<div class=\"elementor-widget-container\">\n\t\t\t\t\t\t\t\t\t\t\t\t\t\t\t<img fetchpriority=\"high\" decoding=\"async\" width=\"470\" height=\"577\" src=\"https:\/\/fedemaderas.org.co\/red-sostenible-amazonia\/wp-content\/uploads\/2025\/01\/cesar-polando.jpg\" class=\"attachment-large size-large wp-image-393\" alt=\"\" srcset=\"https:\/\/fedemaderas.org.co\/red-sostenible-amazonia\/wp-content\/uploads\/2025\/01\/cesar-polando.jpg 470w, https:\/\/fedemaderas.org.co\/red-sostenible-amazonia\/wp-content\/uploads\/2025\/01\/cesar-polando-244x300.jpg 244w\" sizes=\"(max-width: 470px) 100vw, 470px\" \/>\t\t\t\t\t\t\t\t\t\t\t\t\t\t\t<\/div>\n\t\t\t\t<\/div>\n\t\t\t\t<\/div>\n\t\t<div class=\"elementor-element elementor-element-af02b58 e-con-full e-flex e-con e-child\" data-id=\"af02b58\" data-element_type=\"container\">\n\t\t\t\t<div class=\"elementor-element elementor-element-e1daa60 elementor-widget elementor-widget-text-editor\" data-id=\"e1daa60\" data-element_type=\"widget\" data-widget_type=\"text-editor.default\">\n\t\t\t\t<div class=\"elementor-widget-container\">\n\t\t\t\t\t\t\t\t\t<p>C\u00e9sar es docente del programa de Ingenier\u00eda Forestal de la Universidad Distrital Francisco Jos\u00e9 de Caldas, y su trayectoria profesional como director industrial lo ha llevado a experiencias y logros en las organizaciones Refocosta y Central de Maderas &#8211; Bosques del Futuro. Se ha desempe\u00f1ado como consultor\/capacitador para el sector p\u00fablico y privado en Colombia, Brasil y Chile. Sus pergaminos acad\u00e9micos ostentan un PhD en Recursos Forestales de la Universidad de Sao Paulo, un m\u00e1ster en Ingenier\u00eda Industrial y otro en Ingenier\u00eda Civil de la Universidad de Los Andes. Es especialista en ingenier\u00eda de la producci\u00f3n de su alma m\u00e1ter, a la cual presta hoy sus conocimientos.<\/p><p><a href=\"mailto:cpolancoUTRS@fedemaderas.org.co\"><strong>cpolancoUTRS@fedemaderas.org.co<\/strong><\/a><\/p>\t\t\t\t\t\t\t\t<\/div>\n\t\t\t\t<\/div>\n\t\t\t\t<\/div>\n\t\t\t\t<\/div>\n\t\t<div id=\"e-n-tab-content-236988392\" role=\"tabpanel\" aria-labelledby=\"e-n-tab-title-236988392\" data-tab-index=\"2\" style=\"--n-tabs-title-order: 2;\" class=\" elementor-element elementor-element-7d69ea5 e-con-full e-flex e-con e-child\" data-id=\"7d69ea5\" data-element_type=\"container\">\n\t\t<div class=\"elementor-element elementor-element-ec8c4c5 e-con-full e-flex e-con e-child\" data-id=\"ec8c4c5\" data-element_type=\"container\">\n\t\t\t\t<div class=\"elementor-element elementor-element-cd66d47 elementor-widget elementor-widget-image\" data-id=\"cd66d47\" data-element_type=\"widget\" data-widget_type=\"image.default\">\n\t\t\t\t<div class=\"elementor-widget-container\">\n\t\t\t\t\t\t\t\t\t\t\t\t\t\t\t<img decoding=\"async\" width=\"330\" height=\"401\" src=\"https:\/\/fedemaderas.org.co\/red-sostenible-amazonia\/wp-content\/uploads\/2025\/01\/evelin-serna.jpg\" class=\"attachment-large size-large wp-image-404\" alt=\"\" srcset=\"https:\/\/fedemaderas.org.co\/red-sostenible-amazonia\/wp-content\/uploads\/2025\/01\/evelin-serna.jpg 330w, https:\/\/fedemaderas.org.co\/red-sostenible-amazonia\/wp-content\/uploads\/2025\/01\/evelin-serna-247x300.jpg 247w\" sizes=\"(max-width: 330px) 100vw, 330px\" \/>\t\t\t\t\t\t\t\t\t\t\t\t\t\t\t<\/div>\n\t\t\t\t<\/div>\n\t\t\t\t<\/div>\n\t\t<div class=\"elementor-element elementor-element-6d70d4c e-con-full e-flex e-con e-child\" data-id=\"6d70d4c\" data-element_type=\"container\">\n\t\t\t\t<div class=\"elementor-element elementor-element-0405afa elementor-widget elementor-widget-text-editor\" data-id=\"0405afa\" data-element_type=\"widget\" data-widget_type=\"text-editor.default\">\n\t\t\t\t<div class=\"elementor-widget-container\">\n\t\t\t\t\t\t\t\t\t<p>Ingeniera en Procesos Sostenibles de las Maderas de la Universidad Tecnol\u00f3gica de Pereira, cuenta con un diplomado en econom\u00eda del recurso forestal y un diplomado en transformaci\u00f3n de madera de FEDEMADERAS. Se ha desempe\u00f1ado como auxiliar administrativa y t\u00e9cnica en FEDEGUADUA y actualmente se desempe\u00f1a como asistente gremial en FEDEMADERAS.<\/p><p><a href=\"mailto:asistentegremial@fedemaderas.org.co\"><strong>asistentegremial@fedemaderas.org.co<\/strong><\/a><\/p>\t\t\t\t\t\t\t\t<\/div>\n\t\t\t\t<\/div>\n\t\t\t\t<\/div>\n\t\t\t\t<\/div>\n\t\t<div id=\"e-n-tab-content-236988393\" role=\"tabpanel\" aria-labelledby=\"e-n-tab-title-236988393\" data-tab-index=\"3\" style=\"--n-tabs-title-order: 3;\" class=\" elementor-element elementor-element-0939306 e-con-full e-flex e-con e-child\" data-id=\"0939306\" data-element_type=\"container\">\n\t\t<div class=\"elementor-element elementor-element-e36e7ac e-con-full e-flex e-con e-child\" data-id=\"e36e7ac\" data-element_type=\"container\">\n\t\t\t\t<div class=\"elementor-element elementor-element-b60a625 elementor-widget elementor-widget-image\" data-id=\"b60a625\" data-element_type=\"widget\" data-widget_type=\"image.default\">\n\t\t\t\t<div class=\"elementor-widget-container\">\n\t\t\t\t\t\t\t\t\t\t\t\t\t\t\t<img decoding=\"async\" width=\"640\" height=\"857\" src=\"https:\/\/fedemaderas.org.co\/red-sostenible-amazonia\/wp-content\/uploads\/2025\/01\/lina-silva-765x1024.jpg\" class=\"attachment-large size-large wp-image-408\" alt=\"\" srcset=\"https:\/\/fedemaderas.org.co\/red-sostenible-amazonia\/wp-content\/uploads\/2025\/01\/lina-silva-765x1024.jpg 765w, https:\/\/fedemaderas.org.co\/red-sostenible-amazonia\/wp-content\/uploads\/2025\/01\/lina-silva-224x300.jpg 224w, https:\/\/fedemaderas.org.co\/red-sostenible-amazonia\/wp-content\/uploads\/2025\/01\/lina-silva-768x1028.jpg 768w, https:\/\/fedemaderas.org.co\/red-sostenible-amazonia\/wp-content\/uploads\/2025\/01\/lina-silva.jpg 968w\" sizes=\"(max-width: 640px) 100vw, 640px\" \/>\t\t\t\t\t\t\t\t\t\t\t\t\t\t\t<\/div>\n\t\t\t\t<\/div>\n\t\t\t\t<\/div>\n\t\t<div class=\"elementor-element elementor-element-023a1c1 e-con-full e-flex e-con e-child\" data-id=\"023a1c1\" data-element_type=\"container\">\n\t\t\t\t<div class=\"elementor-element elementor-element-d44d1f7 elementor-widget elementor-widget-text-editor\" data-id=\"d44d1f7\" data-element_type=\"widget\" data-widget_type=\"text-editor.default\">\n\t\t\t\t<div class=\"elementor-widget-container\">\n\t\t\t\t\t\t\t\t\t<p>Ingeniera Forestal de la Universidad Distrital Francisco Jos\u00e9 de Caldas, estudiante de maestr\u00eda en manejo, uso y conservaci\u00f3n del bosque y miembro activo del semillero de investigaci\u00f3n SIMAROUBA. Se ha desempe\u00f1ado como Ingeniera Forestal en MADERAS MARVAL S.A.S. y Asistente Forestal en CONSORCIO CTF.<\/p><p><a href=\"mailto:lsilvaUTRS@fedemaderas.org.co\"><strong>lsilvaUTRS@fedemaderas.org.co<\/strong><\/a><\/p>\t\t\t\t\t\t\t\t<\/div>\n\t\t\t\t<\/div>\n\t\t\t\t<\/div>\n\t\t\t\t<\/div>\n\t\t<div id=\"e-n-tab-content-236988394\" role=\"tabpanel\" aria-labelledby=\"e-n-tab-title-236988394\" data-tab-index=\"4\" style=\"--n-tabs-title-order: 4;\" class=\" elementor-element elementor-element-f0a1158 e-flex e-con-boxed e-con e-child\" data-id=\"f0a1158\" data-element_type=\"container\">\n\t\t\t\t\t<div class=\"e-con-inner\">\n\t\t<div class=\"elementor-element elementor-element-fdd5995 e-con-full e-flex e-con e-child\" data-id=\"fdd5995\" data-element_type=\"container\">\n\t\t\t\t<div class=\"elementor-element elementor-element-fbb1354 elementor-widget elementor-widget-image\" data-id=\"fbb1354\" data-element_type=\"widget\" data-widget_type=\"image.default\">\n\t\t\t\t<div class=\"elementor-widget-container\">\n\t\t\t\t\t\t\t\t\t\t\t\t\t\t\t<img loading=\"lazy\" decoding=\"async\" width=\"302\" height=\"434\" src=\"https:\/\/fedemaderas.org.co\/red-sostenible-amazonia\/wp-content\/uploads\/2025\/01\/pablo-mora.jpg\" class=\"attachment-large size-large wp-image-412\" alt=\"\" srcset=\"https:\/\/fedemaderas.org.co\/red-sostenible-amazonia\/wp-content\/uploads\/2025\/01\/pablo-mora.jpg 302w, https:\/\/fedemaderas.org.co\/red-sostenible-amazonia\/wp-content\/uploads\/2025\/01\/pablo-mora-209x300.jpg 209w\" sizes=\"(max-width: 302px) 100vw, 302px\" \/>\t\t\t\t\t\t\t\t\t\t\t\t\t\t\t<\/div>\n\t\t\t\t<\/div>\n\t\t\t\t<\/div>\n\t\t<div class=\"elementor-element elementor-element-3dbf399 e-con-full e-flex e-con e-child\" data-id=\"3dbf399\" data-element_type=\"container\">\n\t\t\t\t<div class=\"elementor-element elementor-element-f4e9ef5 elementor-widget elementor-widget-text-editor\" data-id=\"f4e9ef5\" data-element_type=\"widget\" data-widget_type=\"text-editor.default\">\n\t\t\t\t<div class=\"elementor-widget-container\">\n\t\t\t\t\t\t\t\t\t<p>Especialista en planes de negocio y estudios de prefactibilidad de la Universidad del Rosario. Cuenta con experiencia en elaboraci\u00f3n de estrategias y pol\u00edticas en las \u00e1reas comercial y mercadeo; conocimiento del \u00e1rea de producci\u00f3n a trav\u00e9s de la interacci\u00f3n con los procesos productivos. Se ha desempe\u00f1ado como gerente de tiendas de ropa Az\u00facar y Azuquita, asesor comercial y financiero en OFFA S.A.S., director comercial en INSTANTE SOLUCIONES COMERCIALES S.A.S., director comercial en REFORESTADORA DE LA COSTA S.A. y consultor independiente.<\/p><p><a href=\"mailto:pmoraUTRS@fedemaderas.org.co\"><strong>pmoraUTRS@fedemaderas.org.co<\/strong><\/a><\/p>\t\t\t\t\t\t\t\t<\/div>\n\t\t\t\t<\/div>\n\t\t\t\t<\/div>\n\t\t\t\t\t<\/div>\n\t\t\t\t<\/div>\n\t\t<div id=\"e-n-tab-content-236988395\" role=\"tabpanel\" aria-labelledby=\"e-n-tab-title-236988395\" data-tab-index=\"5\" style=\"--n-tabs-title-order: 5;\" class=\" elementor-element elementor-element-a9ac01b e-flex e-con-boxed e-con e-child\" data-id=\"a9ac01b\" data-element_type=\"container\">\n\t\t\t\t\t<div class=\"e-con-inner\">\n\t\t<div class=\"elementor-element elementor-element-6852926 e-con-full e-flex e-con e-child\" data-id=\"6852926\" data-element_type=\"container\">\n\t\t\t\t<div class=\"elementor-element elementor-element-7f2611f elementor-widget elementor-widget-image\" data-id=\"7f2611f\" data-element_type=\"widget\" data-widget_type=\"image.default\">\n\t\t\t\t<div class=\"elementor-widget-container\">\n\t\t\t\t\t\t\t\t\t\t\t\t\t\t\t<img loading=\"lazy\" decoding=\"async\" width=\"409\" height=\"392\" src=\"https:\/\/fedemaderas.org.co\/red-sostenible-amazonia\/wp-content\/uploads\/2025\/01\/adelbert.png\" class=\"attachment-large size-large wp-image-416\" alt=\"\" srcset=\"https:\/\/fedemaderas.org.co\/red-sostenible-amazonia\/wp-content\/uploads\/2025\/01\/adelbert.png 409w, https:\/\/fedemaderas.org.co\/red-sostenible-amazonia\/wp-content\/uploads\/2025\/01\/adelbert-300x288.png 300w\" sizes=\"(max-width: 409px) 100vw, 409px\" \/>\t\t\t\t\t\t\t\t\t\t\t\t\t\t\t<\/div>\n\t\t\t\t<\/div>\n\t\t\t\t<\/div>\n\t\t<div class=\"elementor-element elementor-element-a94ff8d e-con-full e-flex e-con e-child\" data-id=\"a94ff8d\" data-element_type=\"container\">\n\t\t\t\t<div class=\"elementor-element elementor-element-7e4035e elementor-widget elementor-widget-text-editor\" data-id=\"7e4035e\" data-element_type=\"widget\" data-widget_type=\"text-editor.default\">\n\t\t\t\t<div class=\"elementor-widget-container\">\n\t\t\t\t\t\t\t\t\t<p>Ingeniero forestal de la Universidad Eberswalde en Alemania y M\u00e1ster en tecnolog\u00eda del procesamiento de la madera en la Universidad de Hamburgo Alemania. Experto en planeaci\u00f3n, operaci\u00f3n y gerencia de aserraderos industriales. Se ha desempe\u00f1ado como gerente de LIGNOINCA S.A.S., docente en la Universidad Tecnol\u00f3gica de Pereira en la Ingenieria en Procesos Sostenibles de las Maderas, jefe de aserradero de A.W. Faber -Castell y gerente de producci\u00f3n del aserradero de roble y f\u00e1brica de parque Gunreben GmbH en Alemania, entre otros.<\/p><p><a href=\"mailto:alazayUTRS@fedemaderas.org.co\"><strong>alazayUTRS@fedemaderas.org.co<\/strong><\/a><strong>\u00a0<\/strong><\/p>\t\t\t\t\t\t\t\t<\/div>\n\t\t\t\t<\/div>\n\t\t\t\t<\/div>\n\t\t\t\t\t<\/div>\n\t\t\t\t<\/div>\n\t\t<div id=\"e-n-tab-content-236988396\" role=\"tabpanel\" aria-labelledby=\"e-n-tab-title-236988396\" data-tab-index=\"6\" style=\"--n-tabs-title-order: 6;\" class=\" elementor-element elementor-element-792e104 e-flex e-con-boxed e-con e-child\" data-id=\"792e104\" data-element_type=\"container\">\n\t\t\t\t\t<div class=\"e-con-inner\">\n\t\t<div class=\"elementor-element elementor-element-f4b95f4 e-con-full e-flex e-con e-child\" data-id=\"f4b95f4\" data-element_type=\"container\">\n\t\t\t\t<div class=\"elementor-element elementor-element-56326fe elementor-widget elementor-widget-image\" data-id=\"56326fe\" data-element_type=\"widget\" data-widget_type=\"image.default\">\n\t\t\t\t<div class=\"elementor-widget-container\">\n\t\t\t\t\t\t\t\t\t\t\t\t\t\t\t<img loading=\"lazy\" decoding=\"async\" width=\"374\" height=\"366\" src=\"https:\/\/fedemaderas.org.co\/red-sostenible-amazonia\/wp-content\/uploads\/2025\/01\/natalia.png\" class=\"attachment-large size-large wp-image-424\" alt=\"\" srcset=\"https:\/\/fedemaderas.org.co\/red-sostenible-amazonia\/wp-content\/uploads\/2025\/01\/natalia.png 374w, https:\/\/fedemaderas.org.co\/red-sostenible-amazonia\/wp-content\/uploads\/2025\/01\/natalia-300x294.png 300w\" sizes=\"(max-width: 374px) 100vw, 374px\" \/>\t\t\t\t\t\t\t\t\t\t\t\t\t\t\t<\/div>\n\t\t\t\t<\/div>\n\t\t\t\t<\/div>\n\t\t<div class=\"elementor-element elementor-element-79fca8a e-con-full e-flex e-con e-child\" data-id=\"79fca8a\" data-element_type=\"container\">\n\t\t\t\t<div class=\"elementor-element elementor-element-19a2349 elementor-widget elementor-widget-text-editor\" data-id=\"19a2349\" data-element_type=\"widget\" data-widget_type=\"text-editor.default\">\n\t\t\t\t<div class=\"elementor-widget-container\">\n\t\t\t\t\t\t\t\t\t<p>Ingeniera Civil, Magister en Gerencia para el desarrollo de La Universidad Externado de Colombia. Especialista en Gesti\u00f3n del Recurso H\u00eddrico y en Gesti\u00f3n Integral de Servicios P\u00fablicos, con m\u00e1s de 15 a\u00f1os de experiencia en el desarrollo de proyectos urban\u00edsticos y la infraestructura de servicios p\u00fablicos. Actualmente es Subdirectora de proyectos T\u00e9cnicos y Pol\u00edtica P\u00fablica del Consejo Colombiano de Construcci\u00f3n Sostenible.<\/p><p><strong><a href=\"mailto:narroyave@cccs.org.co\">narroyave@cccs.org.co<\/a><\/strong><\/p>\t\t\t\t\t\t\t\t<\/div>\n\t\t\t\t<\/div>\n\t\t\t\t<\/div>\n\t\t\t\t\t<\/div>\n\t\t\t\t<\/div>\n\t\t<div id=\"e-n-tab-content-236988397\" role=\"tabpanel\" aria-labelledby=\"e-n-tab-title-236988397\" data-tab-index=\"7\" style=\"--n-tabs-title-order: 7;\" class=\" elementor-element elementor-element-aa2db26 e-flex e-con-boxed e-con e-child\" data-id=\"aa2db26\" data-element_type=\"container\">\n\t\t\t\t\t<div class=\"e-con-inner\">\n\t\t<div class=\"elementor-element elementor-element-62fb5f1 e-con-full e-flex e-con e-child\" data-id=\"62fb5f1\" data-element_type=\"container\">\n\t\t\t\t<div class=\"elementor-element elementor-element-82d4b3d elementor-widget elementor-widget-image\" data-id=\"82d4b3d\" data-element_type=\"widget\" data-widget_type=\"image.default\">\n\t\t\t\t<div class=\"elementor-widget-container\">\n\t\t\t\t\t\t\t\t\t\t\t\t\t\t\t<img loading=\"lazy\" decoding=\"async\" width=\"256\" height=\"208\" src=\"https:\/\/fedemaderas.org.co\/red-sostenible-amazonia\/wp-content\/uploads\/2025\/01\/lizcano.png\" class=\"attachment-large size-large wp-image-428\" alt=\"\" \/>\t\t\t\t\t\t\t\t\t\t\t\t\t\t\t<\/div>\n\t\t\t\t<\/div>\n\t\t\t\t<\/div>\n\t\t<div class=\"elementor-element elementor-element-2f16192 e-con-full e-flex e-con e-child\" data-id=\"2f16192\" data-element_type=\"container\">\n\t\t\t\t<div class=\"elementor-element elementor-element-5aef1e3 elementor-widget elementor-widget-text-editor\" data-id=\"5aef1e3\" data-element_type=\"widget\" data-widget_type=\"text-editor.default\">\n\t\t\t\t<div class=\"elementor-widget-container\">\n\t\t\t\t\t\t\t\t\t<p>Abogado de la Universidad de Los Andes con conocimiento en el \u00e1rea de derecho urbano, derecho p\u00fablico administrativo, empresarial, sostenibilidad, construcci\u00f3n y contrataci\u00f3n privada y estatal. Inter\u00e9s en Derecho ambiental, organizaci\u00f3n territorial, servicios p\u00fablicos, acciones p\u00fablicas e infraestructura. Desde el a\u00f1o 2018 se desempe\u00f1a como L\u00edder Jur\u00eddico en el Consejo Colombiano de Construcci\u00f3n Sostenible.<\/p><p><strong><a href=\"mailto:jdlizcano@cccs.org.co\">jdlizcano@cccs.org.co<\/a><\/strong><\/p>\t\t\t\t\t\t\t\t<\/div>\n\t\t\t\t<\/div>\n\t\t\t\t<\/div>\n\t\t\t\t\t<\/div>\n\t\t\t\t<\/div>\n\t\t<div id=\"e-n-tab-content-236988398\" role=\"tabpanel\" aria-labelledby=\"e-n-tab-title-236988398\" data-tab-index=\"8\" style=\"--n-tabs-title-order: 8;\" class=\" elementor-element elementor-element-4ac3b0f e-flex e-con-boxed e-con e-child\" data-id=\"4ac3b0f\" data-element_type=\"container\">\n\t\t\t\t\t<div class=\"e-con-inner\">\n\t\t<div class=\"elementor-element elementor-element-eef08eb e-con-full e-flex e-con e-child\" data-id=\"eef08eb\" data-element_type=\"container\">\n\t\t\t\t<div class=\"elementor-element elementor-element-543ceda elementor-widget elementor-widget-image\" data-id=\"543ceda\" data-element_type=\"widget\" data-widget_type=\"image.default\">\n\t\t\t\t<div class=\"elementor-widget-container\">\n\t\t\t\t\t\t\t\t\t\t\t\t\t\t\t<img loading=\"lazy\" decoding=\"async\" width=\"364\" height=\"429\" src=\"https:\/\/fedemaderas.org.co\/red-sostenible-amazonia\/wp-content\/uploads\/2025\/01\/galvis.jpg\" class=\"attachment-large size-large wp-image-435\" alt=\"\" srcset=\"https:\/\/fedemaderas.org.co\/red-sostenible-amazonia\/wp-content\/uploads\/2025\/01\/galvis.jpg 364w, https:\/\/fedemaderas.org.co\/red-sostenible-amazonia\/wp-content\/uploads\/2025\/01\/galvis-255x300.jpg 255w\" sizes=\"(max-width: 364px) 100vw, 364px\" \/>\t\t\t\t\t\t\t\t\t\t\t\t\t\t\t<\/div>\n\t\t\t\t<\/div>\n\t\t\t\t<\/div>\n\t\t<div class=\"elementor-element elementor-element-1525b76 e-con-full e-flex e-con e-child\" data-id=\"1525b76\" data-element_type=\"container\">\n\t\t\t\t<div class=\"elementor-element elementor-element-cd431ac elementor-widget elementor-widget-text-editor\" data-id=\"cd431ac\" data-element_type=\"widget\" data-widget_type=\"text-editor.default\">\n\t\t\t\t<div class=\"elementor-widget-container\">\n\t\t\t\t\t\t\t\t\t<p>Abogada con una s\u00f3lida formaci\u00f3n acad\u00e9mica y una amplia experiencia en diversas \u00e1reas del derecho, especialmente en derecho p\u00fablico, contencioso administrativo y privado. Excelentes habilidades comunicativas y una destacada capacidad anal\u00edtica, organizativa y de gesti\u00f3n del tiempo. Actualmente se desempe\u00f1a como asistente jur\u00eddico en el Consejo Colombiano de Construcci\u00f3n Sostenible.<\/p><p><strong><a href=\"mailto:lgalvis@cccs.org.co\">lgalvis@cccs.org.co<\/a><\/strong><\/p>\t\t\t\t\t\t\t\t<\/div>\n\t\t\t\t<\/div>\n\t\t\t\t<\/div>\n\t\t\t\t\t<\/div>\n\t\t\t\t<\/div>\n\t\t\t\t\t<\/div>\n\t\t<\/div>\n\t\t\t\t\t\t<\/div>\n\t\t\t\t<\/div>\n\t\t\t\t<\/div>\n\t\t<div class=\"elementor-element elementor-element-508777b e-flex e-con-boxed e-con e-parent\" data-id=\"508777b\" data-element_type=\"container\">\n\t\t\t\t\t<div class=\"e-con-inner\">\n\t\t\t\t\t<\/div>\n\t\t\t\t<\/div>\n\t\t\t\t<\/div>\n\t\t","protected":false},"excerpt":{"rendered":"<p>Nuestro Equipo C\u00e9sar Augusto Polanco Tapia \u2013 Coordinador del proyecto Evelin Yajaira Serna Londo\u00f1o \u2013 Asistente Administrativa Lina Silva \u2013 Asistente t\u00e9cnica Pablo Mora \u2013 Consultor Adelbert Lazay \u2013 Consultor Natalia Arroyave \u2013 Miembro del CCCS Juan Lizcano \u2013 Miembro del CCCS Laura Galvis \u2013 Miembro del CCCS C\u00e9sar es docente del programa de Ingenier\u00eda Forestal de la Universidad Distrital&#8230;<\/p>\n","protected":false},"author":1,"featured_media":0,"parent":0,"menu_order":0,"comment_status":"closed","ping_status":"closed","template":"elementor_header_footer","meta":{"footnotes":""},"class_list":["post-386","page","type-page","status-publish","hentry"],"_links":{"self":[{"href":"https:\/\/fedemaderas.org.co\/red-sostenible-amazonia\/wp-json\/wp\/v2\/pages\/386","targetHints":{"allow":["GET"]}}],"collection":[{"href":"https:\/\/fedemaderas.org.co\/red-sostenible-amazonia\/wp-json\/wp\/v2\/pages"}],"about":[{"href":"https:\/\/fedemaderas.org.co\/red-sostenible-amazonia\/wp-json\/wp\/v2\/types\/page"}],"author":[{"embeddable":true,"href":"https:\/\/fedemaderas.org.co\/red-sostenible-amazonia\/wp-json\/wp\/v2\/users\/1"}],"replies":[{"embeddable":true,"href":"https:\/\/fedemaderas.org.co\/red-sostenible-amazonia\/wp-json\/wp\/v2\/comments?post=386"}],"version-history":[{"count":49,"href":"https:\/\/fedemaderas.org.co\/red-sostenible-amazonia\/wp-json\/wp\/v2\/pages\/386\/revisions"}],"predecessor-version":[{"id":450,"href":"https:\/\/fedemaderas.org.co\/red-sostenible-amazonia\/wp-json\/wp\/v2\/pages\/386\/revisions\/450"}],"wp:attachment":[{"href":"https:\/\/fedemaderas.org.co\/red-sostenible-amazonia\/wp-json\/wp\/v2\/media?parent=386"}],"curies":[{"name":"wp","href":"https:\/\/api.w.org\/{rel}","templated":true}]}}